{"id":25787,"date":"2017-12-29T13:36:09","date_gmt":"2017-12-29T11:36:09","guid":{"rendered":"http:\/\/www.sagardoarenlurraldea.eus\/reservar\/sin categorizar\/cidrerie-aramaio-iturrieta\/"},"modified":"2017-12-29T13:36:09","modified_gmt":"2017-12-29T11:36:09","slug":"cidrerie-aramaio-iturrieta","status":"publish","type":"product","link":"https:\/\/sagardoarenlurraldea.eus\/fr\/product\/aramaio-fr\/cidrerie-aramaio-iturrieta\/","title":{"rendered":"Cidrerie Iturrieta"},"content":{"rendered":"<h2>Description<\/h2>\n<p>Projet agricole familial. Achat de la ferme en 1997 et aussit\u00f4t, travaux d\u2019am\u00e9nagement dans les anciennes \u00e9tables autrefois consacr\u00e9es aux vaches et aux brebis pour les transformer en cidrerie. Premi\u00e8re plantation de 600 pommiers pour atteindre progressivement les 1200 actuels, avec des vari\u00e9t\u00e9s du Pays Basque et quelques asturiennes.<\/p>\n<h2>D\u00e9jeuner et d\u00eener<\/h2>\n<p><strong>En saison<\/strong> (janvier &#8211; avril) : Service d\u00eener tous les jours. Service d\u00e9jeuner samedi. Dimanche ferm\u00e9e.<\/p>\n<p><strong>Hors saison<\/strong> (\u00e0 partir de mai) : Ferm\u00e9e.<\/p>\n<p>Capacit\u00e9 : 80 personnes.<\/p>\n<h2>Informations suppl\u00e9mentaires<\/h2>\n<p>Adresse : B\u00ba Arraga s\/n. Aramaio.<br \/>\nT\u00e9l. : 945445385<br \/>\nWeb : <a href=\"http:\/\/iturrietasagardotegia.blogspot.com\">http:\/\/iturrietasagardotegia.blogspot.com<\/a><\/p>\n","protected":false},"excerpt":{"rendered":"<p>Cidrerie ouverte durant la saison du <em>txotx<\/em> (janvier-avril). Cidrerie situ\u00e9e \u00e0 Aramaio.<\/p>\n","protected":false},"featured_media":8130,"comment_status":"open","ping_status":"closed","template":"","meta":{"_acf_changed":false,"_et_pb_use_builder":"","_et_pb_old_content":"","_et_gb_content_width":""},"product_brand":[],"product_cat":[2656,2709],"product_tag":[2623,2630,2633,2637,2636,2616,2615,2641,2619,2640,2618,2624],"class_list":{"0":"post-25787","1":"product","2":"type-product","3":"status-publish","4":"has-post-thumbnail","6":"product_cat-aramaio-fr","7":"product_cat-cidreries-fr","8":"product_tag-acces-en-bus","9":"product_tag-acces-en-voiture","10":"product_tag-acces-en-minibus","11":"product_tag-manger-debout","12":"product_tag-manger-a-table","13":"product_tag-groupe-de-plus-de-25","14":"product_tag-groupe-de-moins-de-25","15":"product_tag-menu-traditionnel","16":"product_tag-parking-fr","17":"product_tag-cidre-en-txotx","18":"product_tag-services-diner","19":"product_tag-services-dejeuner","20":"pa_acceso-a-pied","21":"pa_caracteristicas-y-menus-manger-debout-cidrerie","22":"pa_caracteristicas-y-menus-cidre-en-txotx","23":"dtwm_map-iturrieta-fr","25":"first","26":"instock","27":"virtual","28":"product-type-simple"},"exclude_global_add_ons":[],"addons":[],"acf":[],"yoast_head":"<!-- This site is optimized with the Yoast SEO plugin v25.4 - https:\/\/yoast.com\/wordpress\/plugins\/seo\/ -->\n<title>Cidrerie Iturrieta - Sagardoaren Lurraldea<\/title>\n<meta name=\"robots\" content=\"index, follow, max-snippet:-1, max-image-preview:large, max-video-preview:-1\" \/>\n<link rel=\"canonical\" href=\"https:\/\/sagardoarenlurraldea.eus\/fr\/product\/aramaio-fr\/cidrerie-aramaio-iturrieta\/\" \/>\n<meta property=\"og:locale\" content=\"fr_FR\" \/>\n<meta property=\"og:type\" content=\"article\" \/>\n<meta property=\"og:title\" content=\"Cidrerie Iturrieta - Sagardoaren Lurraldea\" \/>\n<meta property=\"og:description\" content=\"Cidrerie ouverte durant la saison du txotx (janvier-avril). Cidrerie situ\u00e9e \u00e0 Aramaio.\" \/>\n<meta property=\"og:url\" content=\"https:\/\/sagardoarenlurraldea.eus\/fr\/product\/aramaio-fr\/cidrerie-aramaio-iturrieta\/\" \/>\n<meta property=\"og:site_name\" content=\"Sagardoaren Lurraldea\" \/>\n<meta property=\"article:publisher\" content=\"https:\/\/www.facebook.com\/sagardoarenlurraldea\" \/>\n<meta property=\"og:image\" content=\"https:\/\/sagardoarenlurraldea.eus\/wp-content\/uploads\/2016\/10\/SIDITU-F00.jpg\" \/>\n\t<meta property=\"og:image:width\" content=\"900\" \/>\n\t<meta property=\"og:image:height\" content=\"600\" \/>\n\t<meta property=\"og:image:type\" content=\"image\/jpeg\" \/>\n<meta name=\"twitter:card\" content=\"summary_large_image\" \/>\n<meta name=\"twitter:label1\" content=\"Dur\u00e9e de lecture estim\u00e9e\" \/>\n\t<meta name=\"twitter:data1\" content=\"1 minute\" \/>\n<script type=\"application\/ld+json\" class=\"yoast-schema-graph\">{\"@context\":\"https:\/\/schema.org\",\"@graph\":[{\"@type\":\"WebPage\",\"@id\":\"https:\/\/sagardoarenlurraldea.eus\/fr\/product\/aramaio-fr\/cidrerie-aramaio-iturrieta\/\",\"url\":\"https:\/\/sagardoarenlurraldea.eus\/fr\/product\/aramaio-fr\/cidrerie-aramaio-iturrieta\/\",\"name\":\"Cidrerie Iturrieta - Sagardoaren Lurraldea\",\"isPartOf\":{\"@id\":\"https:\/\/sagardoarenlurraldea.eus\/fr\/#website\"},\"primaryImageOfPage\":{\"@id\":\"https:\/\/sagardoarenlurraldea.eus\/fr\/product\/aramaio-fr\/cidrerie-aramaio-iturrieta\/#primaryimage\"},\"image\":{\"@id\":\"https:\/\/sagardoarenlurraldea.eus\/fr\/product\/aramaio-fr\/cidrerie-aramaio-iturrieta\/#primaryimage\"},\"thumbnailUrl\":\"https:\/\/sagardoarenlurraldea.eus\/wp-content\/uploads\/2016\/10\/SIDITU-F00.jpg\",\"datePublished\":\"2017-12-29T11:36:09+00:00\",\"breadcrumb\":{\"@id\":\"https:\/\/sagardoarenlurraldea.eus\/fr\/product\/aramaio-fr\/cidrerie-aramaio-iturrieta\/#breadcrumb\"},\"inLanguage\":\"fr-FR\",\"potentialAction\":[{\"@type\":\"ReadAction\",\"target\":[\"https:\/\/sagardoarenlurraldea.eus\/fr\/product\/aramaio-fr\/cidrerie-aramaio-iturrieta\/\"]}]},{\"@type\":\"ImageObject\",\"inLanguage\":\"fr-FR\",\"@id\":\"https:\/\/sagardoarenlurraldea.eus\/fr\/product\/aramaio-fr\/cidrerie-aramaio-iturrieta\/#primaryimage\",\"url\":\"https:\/\/sagardoarenlurraldea.eus\/wp-content\/uploads\/2016\/10\/SIDITU-F00.jpg\",\"contentUrl\":\"https:\/\/sagardoarenlurraldea.eus\/wp-content\/uploads\/2016\/10\/SIDITU-F00.jpg\",\"width\":900,\"height\":600,\"caption\":\"Zona de toneles de madera y comedor de la sidrer\u00eda Iturrieta\"},{\"@type\":\"BreadcrumbList\",\"@id\":\"https:\/\/sagardoarenlurraldea.eus\/fr\/product\/aramaio-fr\/cidrerie-aramaio-iturrieta\/#breadcrumb\",\"itemListElement\":[{\"@type\":\"ListItem\",\"position\":1,\"name\":\"Inicio\",\"item\":\"https:\/\/sagardoarenlurraldea.eus\/fr\/\"},{\"@type\":\"ListItem\",\"position\":2,\"name\":\"R\u00e9servations\",\"item\":\"https:\/\/sagardoarenlurraldea.eus\/fr\/reservations\/\"},{\"@type\":\"ListItem\",\"position\":3,\"name\":\"Cidrerie Iturrieta\"}]},{\"@type\":\"WebSite\",\"@id\":\"https:\/\/sagardoarenlurraldea.eus\/fr\/#website\",\"url\":\"https:\/\/sagardoarenlurraldea.eus\/fr\/\",\"name\":\"Sagardoaren Lurraldea\",\"description\":\"El territorio de la sidra\",\"potentialAction\":[{\"@type\":\"SearchAction\",\"target\":{\"@type\":\"EntryPoint\",\"urlTemplate\":\"https:\/\/sagardoarenlurraldea.eus\/fr\/?s={search_term_string}\"},\"query-input\":{\"@type\":\"PropertyValueSpecification\",\"valueRequired\":true,\"valueName\":\"search_term_string\"}}],\"inLanguage\":\"fr-FR\"}]}<\/script>\n<!-- \/ Yoast SEO plugin. -->","yoast_head_json":{"title":"Cidrerie Iturrieta - Sagardoaren Lurraldea","robots":{"index":"index","follow":"follow","max-snippet":"max-snippet:-1","max-image-preview":"max-image-preview:large","max-video-preview":"max-video-preview:-1"},"canonical":"https:\/\/sagardoarenlurraldea.eus\/fr\/product\/aramaio-fr\/cidrerie-aramaio-iturrieta\/","og_locale":"fr_FR","og_type":"article","og_title":"Cidrerie Iturrieta - Sagardoaren Lurraldea","og_description":"Cidrerie ouverte durant la saison du txotx (janvier-avril). Cidrerie situ\u00e9e \u00e0 Aramaio.","og_url":"https:\/\/sagardoarenlurraldea.eus\/fr\/product\/aramaio-fr\/cidrerie-aramaio-iturrieta\/","og_site_name":"Sagardoaren Lurraldea","article_publisher":"https:\/\/www.facebook.com\/sagardoarenlurraldea","og_image":[{"width":900,"height":600,"url":"https:\/\/sagardoarenlurraldea.eus\/wp-content\/uploads\/2016\/10\/SIDITU-F00.jpg","type":"image\/jpeg"}],"twitter_card":"summary_large_image","twitter_misc":{"Dur\u00e9e de lecture estim\u00e9e":"1 minute"},"schema":{"@context":"https:\/\/schema.org","@graph":[{"@type":"WebPage","@id":"https:\/\/sagardoarenlurraldea.eus\/fr\/product\/aramaio-fr\/cidrerie-aramaio-iturrieta\/","url":"https:\/\/sagardoarenlurraldea.eus\/fr\/product\/aramaio-fr\/cidrerie-aramaio-iturrieta\/","name":"Cidrerie Iturrieta - Sagardoaren Lurraldea","isPartOf":{"@id":"https:\/\/sagardoarenlurraldea.eus\/fr\/#website"},"primaryImageOfPage":{"@id":"https:\/\/sagardoarenlurraldea.eus\/fr\/product\/aramaio-fr\/cidrerie-aramaio-iturrieta\/#primaryimage"},"image":{"@id":"https:\/\/sagardoarenlurraldea.eus\/fr\/product\/aramaio-fr\/cidrerie-aramaio-iturrieta\/#primaryimage"},"thumbnailUrl":"https:\/\/sagardoarenlurraldea.eus\/wp-content\/uploads\/2016\/10\/SIDITU-F00.jpg","datePublished":"2017-12-29T11:36:09+00:00","breadcrumb":{"@id":"https:\/\/sagardoarenlurraldea.eus\/fr\/product\/aramaio-fr\/cidrerie-aramaio-iturrieta\/#breadcrumb"},"inLanguage":"fr-FR","potentialAction":[{"@type":"ReadAction","target":["https:\/\/sagardoarenlurraldea.eus\/fr\/product\/aramaio-fr\/cidrerie-aramaio-iturrieta\/"]}]},{"@type":"ImageObject","inLanguage":"fr-FR","@id":"https:\/\/sagardoarenlurraldea.eus\/fr\/product\/aramaio-fr\/cidrerie-aramaio-iturrieta\/#primaryimage","url":"https:\/\/sagardoarenlurraldea.eus\/wp-content\/uploads\/2016\/10\/SIDITU-F00.jpg","contentUrl":"https:\/\/sagardoarenlurraldea.eus\/wp-content\/uploads\/2016\/10\/SIDITU-F00.jpg","width":900,"height":600,"caption":"Zona de toneles de madera y comedor de la sidrer\u00eda Iturrieta"},{"@type":"BreadcrumbList","@id":"https:\/\/sagardoarenlurraldea.eus\/fr\/product\/aramaio-fr\/cidrerie-aramaio-iturrieta\/#breadcrumb","itemListElement":[{"@type":"ListItem","position":1,"name":"Inicio","item":"https:\/\/sagardoarenlurraldea.eus\/fr\/"},{"@type":"ListItem","position":2,"name":"R\u00e9servations","item":"https:\/\/sagardoarenlurraldea.eus\/fr\/reservations\/"},{"@type":"ListItem","position":3,"name":"Cidrerie Iturrieta"}]},{"@type":"WebSite","@id":"https:\/\/sagardoarenlurraldea.eus\/fr\/#website","url":"https:\/\/sagardoarenlurraldea.eus\/fr\/","name":"Sagardoaren Lurraldea","description":"El territorio de la sidra","potentialAction":[{"@type":"SearchAction","target":{"@type":"EntryPoint","urlTemplate":"https:\/\/sagardoarenlurraldea.eus\/fr\/?s={search_term_string}"},"query-input":{"@type":"PropertyValueSpecification","valueRequired":true,"valueName":"search_term_string"}}],"inLanguage":"fr-FR"}]}},"_links":{"self":[{"href":"https:\/\/sagardoarenlurraldea.eus\/fr\/wp-json\/wp\/v2\/product\/25787","targetHints":{"allow":["GET"]}}],"collection":[{"href":"https:\/\/sagardoarenlurraldea.eus\/fr\/wp-json\/wp\/v2\/product"}],"about":[{"href":"https:\/\/sagardoarenlurraldea.eus\/fr\/wp-json\/wp\/v2\/types\/product"}],"replies":[{"embeddable":true,"href":"https:\/\/sagardoarenlurraldea.eus\/fr\/wp-json\/wp\/v2\/comments?post=25787"}],"wp:featuredmedia":[{"embeddable":true,"href":"https:\/\/sagardoarenlurraldea.eus\/fr\/wp-json\/wp\/v2\/media\/8130"}],"wp:attachment":[{"href":"https:\/\/sagardoarenlurraldea.eus\/fr\/wp-json\/wp\/v2\/media?parent=25787"}],"wp:term":[{"taxonomy":"product_brand","embeddable":true,"href":"https:\/\/sagardoarenlurraldea.eus\/fr\/wp-json\/wp\/v2\/product_brand?post=25787"},{"taxonomy":"product_cat","embeddable":true,"href":"https:\/\/sagardoarenlurraldea.eus\/fr\/wp-json\/wp\/v2\/product_cat?post=25787"},{"taxonomy":"product_tag","embeddable":true,"href":"https:\/\/sagardoarenlurraldea.eus\/fr\/wp-json\/wp\/v2\/product_tag?post=25787"}],"curies":[{"name":"wp","href":"https:\/\/api.w.org\/{rel}","templated":true}]}}