{"id":243793,"date":"2023-04-03T10:13:47","date_gmt":"2023-04-03T08:13:47","guid":{"rendered":"https:\/\/sagardoarenlurraldea.eus\/buy-tickets\/"},"modified":"2026-04-22T10:52:25","modified_gmt":"2026-04-22T08:52:25","slug":"acheter-des-billets","status":"publish","type":"page","link":"https:\/\/sagardoarenlurraldea.eus\/fr\/acheter-des-billets\/","title":{"rendered":"Acheter des billets"},"content":{"rendered":"<p>[et_pb_section fb_built=\u00a0\u00bb1&Prime; custom_padding_last_edited=\u00a0\u00bbon|desktop\u00a0\u00bb disabled_on=\u00a0\u00bbon|on|on\u00a0\u00bb admin_label=\u00a0\u00bbsection\u00a0\u00bb module_class=\u00a0\u00bbinterior\u00a0\u00bb _builder_version=\u00a0\u00bb4.16&Prime; background_color=\u00a0\u00bb#ffffff\u00a0\u00bb custom_padding_tablet=\u00a0\u00bb50px|0|50px|0&Prime; custom_padding_phone=\u00a0\u00bb\u00a0\u00bb transparent_background=\u00a0\u00bboff\u00a0\u00bb padding_mobile=\u00a0\u00bboff\u00a0\u00bb make_fullwidth=\u00a0\u00bboff\u00a0\u00bb use_custom_width=\u00a0\u00bboff\u00a0\u00bb width_unit=\u00a0\u00bbon\u00a0\u00bb locked=\u00a0\u00bboff\u00a0\u00bb global_colors_info=\u00a0\u00bb{}\u00a0\u00bb disabled=\u00a0\u00bbon\u00a0\u00bb][et_pb_row padding_mobile=\u00a0\u00bboff\u00a0\u00bb column_padding_mobile=\u00a0\u00bbon\u00a0\u00bb disabled_on=\u00a0\u00bbon|on|on\u00a0\u00bb admin_label=\u00a0\u00bbSemaine Saint\u00a0\u00bb module_class=\u00a0\u00bbcontenedor\u00a0\u00bb _builder_version=\u00a0\u00bb4.16&Prime; background_size=\u00a0\u00bbinitial\u00a0\u00bb background_position=\u00a0\u00bbtop_left\u00a0\u00bb background_repeat=\u00a0\u00bbrepeat\u00a0\u00bb width=\u00a0\u00bb100%\u00a0\u00bb make_fullwidth=\u00a0\u00bboff\u00a0\u00bb use_custom_width=\u00a0\u00bboff\u00a0\u00bb width_unit=\u00a0\u00bbon\u00a0\u00bb disabled=\u00a0\u00bbon\u00a0\u00bb global_colors_info=\u00a0\u00bb{}\u00a0\u00bb][et_pb_column type=\u00a0\u00bb4_4&Prime; _builder_version=\u00a0\u00bb4.16&Prime; custom_padding=\u00a0\u00bb|||\u00a0\u00bb global_colors_info=\u00a0\u00bb{}\u00a0\u00bb custom_padding__hover=\u00a0\u00bb|||\u00a0\u00bb][et_pb_text disabled_on=\u00a0\u00bboff|off|off\u00a0\u00bb _builder_version=\u00a0\u00bb4.27.4&Prime; _module_preset=\u00a0\u00bbdefault\u00a0\u00bb link_option_url=\u00a0\u00bbhttps:\/\/sagardoarenlurraldea.eus\/fr\/product\/musee\/semaine-saint-a-sagardoetxea-degustation-de-cidre-et-fromages-du-pays-basque\/\u00a0\u00bb locked=\u00a0\u00bboff\u00a0\u00bb global_colors_info=\u00a0\u00bb{}\u00a0\u00bb]<\/p>\n<h2 style=\"text-align: center;\"><a href=\"https:\/\/sagardoarenlurraldea.eus\/fr\/product\/musee\/semaine-saint-a-sagardoetxea-degustation-de-cidre-et-fromages-du-pays-basque\/\">Semaine Saint 2026 \u00e0 Sagardoetxea <\/a><\/h2>\n<p>[\/et_pb_text][et_pb_divider divider_weight=\u00a0\u00bb4px\u00a0\u00bb _builder_version=\u00a0\u00bb4.27.4&Prime; _module_preset=\u00a0\u00bbdefault\u00a0\u00bb width=\u00a0\u00bb50%\u00a0\u00bb module_alignment=\u00a0\u00bbcenter\u00a0\u00bb custom_padding=\u00a0\u00bb||40px||false|false\u00a0\u00bb locked=\u00a0\u00bboff\u00a0\u00bb global_colors_info=\u00a0\u00bb{}\u00a0\u00bb][\/et_pb_divider][et_pb_image src=\u00a0\u00bbhttps:\/\/sagardoarenlurraldea.eus\/wp-content\/uploads\/2024\/03\/Aste-Santua-2048&#215;656-1.jpg\u00a0\u00bb title_text=\u00a0\u00bbAste Santua 2048&#215;656&Prime; url=\u00a0\u00bbhttps:\/\/sagardoarenlurraldea.eus\/fr\/product\/musee\/semaine-saint-a-sagardoetxea-degustation-de-cidre-et-fromages-du-pays-basque\/\u00a0\u00bb align=\u00a0\u00bbcenter\u00a0\u00bb force_fullwidth=\u00a0\u00bbon\u00a0\u00bb disabled_on=\u00a0\u00bboff|off|off\u00a0\u00bb _builder_version=\u00a0\u00bb4.27.4&Prime; _module_preset=\u00a0\u00bbdefault\u00a0\u00bb custom_padding=\u00a0\u00bb||40px||false|false\u00a0\u00bb locked=\u00a0\u00bboff\u00a0\u00bb global_colors_info=\u00a0\u00bb{}\u00a0\u00bb][\/et_pb_image][et_pb_text disabled_on=\u00a0\u00bboff|off|off\u00a0\u00bb admin_label=\u00a0\u00bbText\u00a0\u00bb _builder_version=\u00a0\u00bb4.27.4&Prime; _module_preset=\u00a0\u00bbdefault\u00a0\u00bb link_option_url=\u00a0\u00bbhttps:\/\/sagardoarenlurraldea.eus\/fr\/product\/musee\/semaine-saint-a-sagardoetxea-degustation-de-cidre-et-fromages-du-pays-basque\/\u00a0\u00bb locked=\u00a0\u00bboff\u00a0\u00bb global_colors_info=\u00a0\u00bb{}\u00a0\u00bb]<\/p>\n<h3 style=\"text-align: center;\"><a href=\"https:\/\/sagardoarenlurraldea.eus\/fr\/product\/musee\/semaine-saint-a-sagardoetxea-degustation-de-cidre-et-fromages-du-pays-basque\/\">Degustation de cidre et fromages du Pays Basque <\/a><\/h3>\n<p>[\/et_pb_text][et_pb_divider show_divider=\u00a0\u00bboff\u00a0\u00bb _builder_version=\u00a0\u00bb4.16&Prime; _module_preset=\u00a0\u00bbdefault\u00a0\u00bb locked=\u00a0\u00bboff\u00a0\u00bb global_colors_info=\u00a0\u00bb{}\u00a0\u00bb][\/et_pb_divider][et_pb_button button_url=\u00a0\u00bbhttps:\/\/sagardoarenlurraldea.eus\/fr\/product\/musee\/semaine-saint-a-sagardoetxea-degustation-de-cidre-et-fromages-du-pays-basque\/\u00a0\u00bb button_text=\u00a0\u00bbR\u00e9server la visite \u00a0\u00bb button_alignment=\u00a0\u00bbcenter\u00a0\u00bb _builder_version=\u00a0\u00bb4.27.4&Prime; _module_preset=\u00a0\u00bbdefault\u00a0\u00bb custom_button=\u00a0\u00bbon\u00a0\u00bb button_text_color=\u00a0\u00bb#FFFFFF\u00a0\u00bb button_bg_color=\u00a0\u00bb#9ab323&Prime; background_layout=\u00a0\u00bbdark\u00a0\u00bb locked=\u00a0\u00bboff\u00a0\u00bb global_colors_info=\u00a0\u00bb{}\u00a0\u00bb][\/et_pb_button][\/et_pb_column][\/et_pb_row][et_pb_row column_structure=\u00a0\u00bb1_3,1_3,1_3&Prime; column_padding_mobile=\u00a0\u00bbon\u00a0\u00bb disabled_on=\u00a0\u00bbon|on|on\u00a0\u00bb admin_label=\u00a0\u00bbrow\u00a0\u00bb module_class=\u00a0\u00bbcontenedor\u00a0\u00bb _builder_version=\u00a0\u00bb4.16&Prime; background_size=\u00a0\u00bbinitial\u00a0\u00bb background_position=\u00a0\u00bbtop_left\u00a0\u00bb background_repeat=\u00a0\u00bbrepeat\u00a0\u00bb custom_padding=\u00a0\u00bb80px||||false|false\u00a0\u00bb make_fullwidth=\u00a0\u00bboff\u00a0\u00bb use_custom_width=\u00a0\u00bboff\u00a0\u00bb width_unit=\u00a0\u00bbon\u00a0\u00bb disabled=\u00a0\u00bbon\u00a0\u00bb global_colors_info=\u00a0\u00bb{}\u00a0\u00bb][et_pb_column type=\u00a0\u00bb1_3&Prime; _builder_version=\u00a0\u00bb4.16&Prime; custom_padding=\u00a0\u00bb|||\u00a0\u00bb global_colors_info=\u00a0\u00bb{}\u00a0\u00bb custom_padding__hover=\u00a0\u00bb|||\u00a0\u00bb][et_pb_image src=\u00a0\u00bbhttps:\/\/sagardoarenlurraldea.eus\/wp-content\/uploads\/2023\/11\/Sagardo-Forum_Lehiaketa-webgunerako.jpg\u00a0\u00bb alt=\u00a0\u00bbSagardoa eta gazta\u00a0\u00bb title_text=\u00a0\u00bbSagardo Forum_Lehiaketa webgunerako\u00a0\u00bb url=\u00a0\u00bbhttps:\/\/sagardoarenlurraldea.eus\/fr\/sagardo-forum\/inscription\/\u00a0\u00bb use_overlay=\u00a0\u00bbon\u00a0\u00bb overlay_icon_color=\u00a0\u00bb#FFFFFF\u00a0\u00bb hover_overlay_color=\u00a0\u00bbrgba(154,179,35,0.66)\u00a0\u00bb hover_icon=\u00a0\u00bb&#x24;||divi||400&Prime; align=\u00a0\u00bbcenter\u00a0\u00bb force_fullwidth=\u00a0\u00bbon\u00a0\u00bb _builder_version=\u00a0\u00bb4.16&Prime; _module_preset=\u00a0\u00bbdefault\u00a0\u00bb global_colors_info=\u00a0\u00bb{}\u00a0\u00bb][\/et_pb_image][et_pb_divider show_divider=\u00a0\u00bboff\u00a0\u00bb _builder_version=\u00a0\u00bb4.16&Prime; _module_preset=\u00a0\u00bbdefault\u00a0\u00bb global_colors_info=\u00a0\u00bb{}\u00a0\u00bb][\/et_pb_divider][et_pb_button button_url=\u00a0\u00bbhttps:\/\/sagardoarenlurraldea.eus\/fr\/sagardo-forum\/inscription\/\u00a0\u00bb button_text=\u00a0\u00bbConcours de cidre\u00a0\u00bb button_alignment=\u00a0\u00bbcenter\u00a0\u00bb _builder_version=\u00a0\u00bb4.16&Prime; _module_preset=\u00a0\u00bbdefault\u00a0\u00bb custom_button=\u00a0\u00bbon\u00a0\u00bb button_text_color=\u00a0\u00bb#FFFFFF\u00a0\u00bb button_bg_color=\u00a0\u00bb#9ab323&Prime; background_layout=\u00a0\u00bbdark\u00a0\u00bb global_colors_info=\u00a0\u00bb{}\u00a0\u00bb][\/et_pb_button][et_pb_divider show_divider=\u00a0\u00bboff\u00a0\u00bb _builder_version=\u00a0\u00bb4.16&Prime; _module_preset=\u00a0\u00bbdefault\u00a0\u00bb locked=\u00a0\u00bboff\u00a0\u00bb global_colors_info=\u00a0\u00bb{}\u00a0\u00bb][\/et_pb_divider][et_pb_image src=\u00a0\u00bbhttps:\/\/sagardoarenlurraldea.eus\/wp-content\/uploads\/2023\/11\/Sagardo-Forum_Jarduerak-webgunerako.jpg\u00a0\u00bb alt=\u00a0\u00bbSagardoa eta gazta\u00a0\u00bb title_text=\u00a0\u00bbSagardo Forum_Jarduerak webgunerako\u00a0\u00bb url=\u00a0\u00bbhttps:\/\/sagardoarenlurraldea.eus\/fr\/product\/sagardo-forum-fr\/activites\/\u00a0\u00bb use_overlay=\u00a0\u00bbon\u00a0\u00bb overlay_icon_color=\u00a0\u00bb#FFFFFF\u00a0\u00bb hover_overlay_color=\u00a0\u00bbrgba(154,179,35,0.66)\u00a0\u00bb hover_icon=\u00a0\u00bb&#x24;||divi||400&Prime; align=\u00a0\u00bbcenter\u00a0\u00bb force_fullwidth=\u00a0\u00bbon\u00a0\u00bb _builder_version=\u00a0\u00bb4.16&Prime; _module_preset=\u00a0\u00bbdefault\u00a0\u00bb locked=\u00a0\u00bboff\u00a0\u00bb global_colors_info=\u00a0\u00bb{}\u00a0\u00bb][\/et_pb_image][et_pb_divider show_divider=\u00a0\u00bboff\u00a0\u00bb _builder_version=\u00a0\u00bb4.16&Prime; _module_preset=\u00a0\u00bbdefault\u00a0\u00bb locked=\u00a0\u00bboff\u00a0\u00bb global_colors_info=\u00a0\u00bb{}\u00a0\u00bb][\/et_pb_divider][et_pb_button button_url=\u00a0\u00bbhttps:\/\/sagardoarenlurraldea.eus\/fr\/product\/sagardo-forum-fr\/activites\/\u00a0\u00bb button_text=\u00a0\u00bbActivit\u00e9s\u00a0\u00bb button_alignment=\u00a0\u00bbcenter\u00a0\u00bb _builder_version=\u00a0\u00bb4.16&Prime; _module_preset=\u00a0\u00bbdefault\u00a0\u00bb custom_button=\u00a0\u00bbon\u00a0\u00bb button_text_color=\u00a0\u00bb#FFFFFF\u00a0\u00bb button_bg_color=\u00a0\u00bb#9ab323&Prime; background_layout=\u00a0\u00bbdark\u00a0\u00bb locked=\u00a0\u00bboff\u00a0\u00bb global_colors_info=\u00a0\u00bb{}\u00a0\u00bb][\/et_pb_button][et_pb_divider show_divider=\u00a0\u00bboff\u00a0\u00bb _builder_version=\u00a0\u00bb4.16&Prime; _module_preset=\u00a0\u00bbdefault\u00a0\u00bb locked=\u00a0\u00bboff\u00a0\u00bb global_colors_info=\u00a0\u00bb{}\u00a0\u00bb][\/et_pb_divider][\/et_pb_column][et_pb_column type=\u00a0\u00bb1_3&Prime; _builder_version=\u00a0\u00bb4.16&Prime; custom_padding=\u00a0\u00bb|||\u00a0\u00bb global_colors_info=\u00a0\u00bb{}\u00a0\u00bb custom_padding__hover=\u00a0\u00bb|||\u00a0\u00bb][et_pb_image src=\u00a0\u00bbhttps:\/\/sagardoarenlurraldea.eus\/wp-content\/uploads\/2023\/11\/Sagardo-Forum_Azoka-webgunerako.jpg\u00a0\u00bb alt=\u00a0\u00bbSagardoa eta itxasoa\u00a0\u00bb title_text=\u00a0\u00bbSagardo Forum_Azoka webgunerako\u00a0\u00bb url=\u00a0\u00bbhttps:\/\/sagardoarenlurraldea.eus\/fr\/product\/sagardo-forum-fr\/exposition\/\u00a0\u00bb use_overlay=\u00a0\u00bbon\u00a0\u00bb overlay_icon_color=\u00a0\u00bb#FFFFFF\u00a0\u00bb hover_overlay_color=\u00a0\u00bbrgba(154,179,35,0.66)\u00a0\u00bb hover_icon=\u00a0\u00bb&#x24;||divi||400&Prime; align=\u00a0\u00bbcenter\u00a0\u00bb force_fullwidth=\u00a0\u00bbon\u00a0\u00bb _builder_version=\u00a0\u00bb4.16&Prime; _module_preset=\u00a0\u00bbdefault\u00a0\u00bb global_colors_info=\u00a0\u00bb{}\u00a0\u00bb][\/et_pb_image][et_pb_divider show_divider=\u00a0\u00bboff\u00a0\u00bb _builder_version=\u00a0\u00bb4.16&Prime; _module_preset=\u00a0\u00bbdefault\u00a0\u00bb global_colors_info=\u00a0\u00bb{}\u00a0\u00bb][\/et_pb_divider][et_pb_button button_url=\u00a0\u00bbhttps:\/\/sagardoarenlurraldea.eus\/fr\/product\/sagardo-forum-fr\/exposition\/\u00a0\u00bb button_text=\u00a0\u00bbFoire du Cidre\u00a0\u00bb button_alignment=\u00a0\u00bbcenter\u00a0\u00bb _builder_version=\u00a0\u00bb4.16&Prime; _module_preset=\u00a0\u00bbdefault\u00a0\u00bb custom_button=\u00a0\u00bbon\u00a0\u00bb button_text_color=\u00a0\u00bb#FFFFFF\u00a0\u00bb button_bg_color=\u00a0\u00bb#9ab323&Prime; background_layout=\u00a0\u00bbdark\u00a0\u00bb global_colors_info=\u00a0\u00bb{}\u00a0\u00bb][\/et_pb_button][et_pb_divider show_divider=\u00a0\u00bboff\u00a0\u00bb _builder_version=\u00a0\u00bb4.16&Prime; _module_preset=\u00a0\u00bbdefault\u00a0\u00bb locked=\u00a0\u00bboff\u00a0\u00bb global_colors_info=\u00a0\u00bb{}\u00a0\u00bb][\/et_pb_divider][\/et_pb_column][et_pb_column type=\u00a0\u00bb1_3&Prime; _builder_version=\u00a0\u00bb4.16&Prime; custom_padding=\u00a0\u00bb|||\u00a0\u00bb global_colors_info=\u00a0\u00bb{}\u00a0\u00bb custom_padding__hover=\u00a0\u00bb|||\u00a0\u00bb][et_pb_image src=\u00a0\u00bbhttps:\/\/sagardoarenlurraldea.eus\/wp-content\/uploads\/2023\/11\/Sagardo-Forum_Hitzaldiak-webgunerako.jpg\u00a0\u00bb alt=\u00a0\u00bbSagarbike\u00a0\u00bb title_text=\u00a0\u00bbSagardo Forum_Hitzaldiak webgunerako\u00a0\u00bb url=\u00a0\u00bbhttps:\/\/sagardoarenlurraldea.eus\/fr\/product\/sagardo-forum-fr\/conferences\/\u00a0\u00bb use_overlay=\u00a0\u00bbon\u00a0\u00bb overlay_icon_color=\u00a0\u00bb#FFFFFF\u00a0\u00bb hover_overlay_color=\u00a0\u00bbrgba(154,179,35,0.66)\u00a0\u00bb hover_icon=\u00a0\u00bb&#x24;||divi||400&Prime; align=\u00a0\u00bbcenter\u00a0\u00bb force_fullwidth=\u00a0\u00bbon\u00a0\u00bb _builder_version=\u00a0\u00bb4.16&Prime; _module_preset=\u00a0\u00bbdefault\u00a0\u00bb global_colors_info=\u00a0\u00bb{}\u00a0\u00bb][\/et_pb_image][et_pb_divider show_divider=\u00a0\u00bboff\u00a0\u00bb _builder_version=\u00a0\u00bb4.16&Prime; _module_preset=\u00a0\u00bbdefault\u00a0\u00bb global_colors_info=\u00a0\u00bb{}\u00a0\u00bb][\/et_pb_divider][et_pb_button button_url=\u00a0\u00bbhttps:\/\/sagardoarenlurraldea.eus\/fr\/product\/sagardo-forum-fr\/conferences\/\u00a0\u00bb button_text=\u00a0\u00bbConf\u00e9rences\u00a0\u00bb button_alignment=\u00a0\u00bbcenter\u00a0\u00bb _builder_version=\u00a0\u00bb4.16&Prime; _module_preset=\u00a0\u00bbdefault\u00a0\u00bb custom_button=\u00a0\u00bbon\u00a0\u00bb button_text_color=\u00a0\u00bb#FFFFFF\u00a0\u00bb button_bg_color=\u00a0\u00bb#9ab323&Prime; background_layout=\u00a0\u00bbdark\u00a0\u00bb global_colors_info=\u00a0\u00bb{}\u00a0\u00bb][\/et_pb_button][et_pb_divider show_divider=\u00a0\u00bboff\u00a0\u00bb _builder_version=\u00a0\u00bb4.16&Prime; _module_preset=\u00a0\u00bbdefault\u00a0\u00bb locked=\u00a0\u00bboff\u00a0\u00bb global_colors_info=\u00a0\u00bb{}\u00a0\u00bb][\/et_pb_divider][\/et_pb_column][\/et_pb_row][\/et_pb_section][et_pb_section fb_built=\u00a0\u00bb1&Prime; custom_padding_last_edited=\u00a0\u00bbon|desktop\u00a0\u00bb disabled_on=\u00a0\u00bboff|off|off\u00a0\u00bb admin_label=\u00a0\u00bbsection\u00a0\u00bb module_class=\u00a0\u00bbinterior\u00a0\u00bb _builder_version=\u00a0\u00bb4.16&Prime; background_color=\u00a0\u00bb#ffffff\u00a0\u00bb custom_padding_tablet=\u00a0\u00bb50px|0|50px|0&Prime; custom_padding_phone=\u00a0\u00bb\u00a0\u00bb transparent_background=\u00a0\u00bboff\u00a0\u00bb padding_mobile=\u00a0\u00bboff\u00a0\u00bb make_fullwidth=\u00a0\u00bboff\u00a0\u00bb use_custom_width=\u00a0\u00bboff\u00a0\u00bb width_unit=\u00a0\u00bbon\u00a0\u00bb global_colors_info=\u00a0\u00bb{}\u00a0\u00bb][et_pb_row column_padding_mobile=\u00a0\u00bbon\u00a0\u00bb disabled_on=\u00a0\u00bbon|on|on\u00a0\u00bb admin_label=\u00a0\u00bbSagardo Forum\u00a0\u00bb module_class=\u00a0\u00bbcontenedor\u00a0\u00bb _builder_version=\u00a0\u00bb4.16&Prime; background_size=\u00a0\u00bbinitial\u00a0\u00bb background_position=\u00a0\u00bbtop_left\u00a0\u00bb background_repeat=\u00a0\u00bbrepeat\u00a0\u00bb width=\u00a0\u00bb100%\u00a0\u00bb custom_padding=\u00a0\u00bb40px||||false|false\u00a0\u00bb make_fullwidth=\u00a0\u00bboff\u00a0\u00bb use_custom_width=\u00a0\u00bboff\u00a0\u00bb width_unit=\u00a0\u00bbon\u00a0\u00bb disabled=\u00a0\u00bbon\u00a0\u00bb global_colors_info=\u00a0\u00bb{}\u00a0\u00bb][et_pb_column type=\u00a0\u00bb4_4&Prime; _builder_version=\u00a0\u00bb4.16&Prime; custom_padding=\u00a0\u00bb|||\u00a0\u00bb global_colors_info=\u00a0\u00bb{}\u00a0\u00bb custom_padding__hover=\u00a0\u00bb|||\u00a0\u00bb][et_pb_text admin_label=\u00a0\u00bbSagardo Forum\u00a0\u00bb _builder_version=\u00a0\u00bb4.27.4&Prime; _module_preset=\u00a0\u00bbdefault\u00a0\u00bb global_colors_info=\u00a0\u00bb{}\u00a0\u00bb]<\/p>\n<h2 style=\"text-align: center;\"><a href=\"https:\/\/sagardoarenlurraldea.eus\/fr\/sagardo-forum\/inscription\/\">Sagardo Forum<\/a><\/h2>\n<p>[\/et_pb_text][et_pb_divider divider_weight=\u00a0\u00bb4px\u00a0\u00bb admin_label=\u00a0\u00bbDivider\u00a0\u00bb _builder_version=\u00a0\u00bb4.16&Prime; _module_preset=\u00a0\u00bbdefault\u00a0\u00bb width=\u00a0\u00bb50%\u00a0\u00bb module_alignment=\u00a0\u00bbcenter\u00a0\u00bb custom_padding=\u00a0\u00bb||40px||false|false\u00a0\u00bb global_colors_info=\u00a0\u00bb{}\u00a0\u00bb][\/et_pb_divider][et_pb_image src=\u00a0\u00bbhttps:\/\/sagardoarenlurraldea.eus\/wp-content\/uploads\/2023\/08\/Sagardo-Forum-Orokorra-2021-fr.jpg\u00a0\u00bb title_text=\u00a0\u00bbSagardo-Forum-Orokorra-2021-fr\u00a0\u00bb url=\u00a0\u00bb\/fr\/sagardo-forum\/inscription\/\u00a0\u00bb align=\u00a0\u00bbcenter\u00a0\u00bb force_fullwidth=\u00a0\u00bbon\u00a0\u00bb _builder_version=\u00a0\u00bb4.27.4&Prime; _module_preset=\u00a0\u00bbdefault\u00a0\u00bb custom_padding=\u00a0\u00bb||40px||false|false\u00a0\u00bb global_colors_info=\u00a0\u00bb{}\u00a0\u00bb][\/et_pb_image][\/et_pb_column][\/et_pb_row][et_pb_row column_structure=\u00a0\u00bb1_4,1_2,1_4&Prime; make_equal=\u00a0\u00bbon\u00a0\u00bb disabled_on=\u00a0\u00bbon|on|on\u00a0\u00bb admin_label=\u00a0\u00bbrow\u00a0\u00bb _builder_version=\u00a0\u00bb4.16&Prime; background_size=\u00a0\u00bbinitial\u00a0\u00bb background_position=\u00a0\u00bbtop_left\u00a0\u00bb background_repeat=\u00a0\u00bbrepeat\u00a0\u00bb disabled=\u00a0\u00bbon\u00a0\u00bb global_colors_info=\u00a0\u00bb{}\u00a0\u00bb][et_pb_column type=\u00a0\u00bb1_4&Prime; _builder_version=\u00a0\u00bb4.16&Prime; custom_padding=\u00a0\u00bb|||\u00a0\u00bb global_colors_info=\u00a0\u00bb{}\u00a0\u00bb custom_padding__hover=\u00a0\u00bb|||\u00a0\u00bb][et_pb_code disabled_on=\u00a0\u00bbon|on|on\u00a0\u00bb admin_label=\u00a0\u00bbCode\u00a0\u00bb _builder_version=\u00a0\u00bb4.16&Prime; disabled=\u00a0\u00bbon\u00a0\u00bb global_colors_info=\u00a0\u00bb{}\u00a0\u00bb][\/et_pb_code][\/et_pb_column][et_pb_column type=\u00a0\u00bb1_2&Prime; _builder_version=\u00a0\u00bb4.16&Prime; custom_padding=\u00a0\u00bb|||\u00a0\u00bb global_colors_info=\u00a0\u00bb{}\u00a0\u00bb custom_padding__hover=\u00a0\u00bb|||\u00a0\u00bb][et_pb_shop type=\u00a0\u00bbproduct_category\u00a0\u00bb posts_number=\u00a0\u00bb5&Prime; include_categories=\u00a0\u00bb2677&Prime; columns_number=\u00a0\u00bb5&Prime; orderby=\u00a0\u00bbdate-desc\u00a0\u00bb admin_label=\u00a0\u00bbSagardoForum &#8211; General &#8211; Shop\u00a0\u00bb _builder_version=\u00a0\u00bb4.27.4&Prime; global_colors_info=\u00a0\u00bb{}\u00a0\u00bb][\/et_pb_shop][\/et_pb_column][et_pb_column type=\u00a0\u00bb1_4&Prime; _builder_version=\u00a0\u00bb4.16&Prime; custom_padding=\u00a0\u00bb|||\u00a0\u00bb global_colors_info=\u00a0\u00bb{}\u00a0\u00bb custom_padding__hover=\u00a0\u00bb|||\u00a0\u00bb][et_pb_code admin_label=\u00a0\u00bbCode\u00a0\u00bb _builder_version=\u00a0\u00bb4.16&Prime; global_colors_info=\u00a0\u00bb{}\u00a0\u00bb][\/et_pb_code][\/et_pb_column][\/et_pb_row][et_pb_row padding_mobile=\u00a0\u00bboff\u00a0\u00bb column_padding_mobile=\u00a0\u00bbon\u00a0\u00bb disabled_on=\u00a0\u00bbon|on|on\u00a0\u00bb admin_label=\u00a0\u00bbActivities\u00a0\u00bb module_class=\u00a0\u00bbcontenedor\u00a0\u00bb _builder_version=\u00a0\u00bb4.16&Prime; background_size=\u00a0\u00bbinitial\u00a0\u00bb background_position=\u00a0\u00bbtop_left\u00a0\u00bb background_repeat=\u00a0\u00bbrepeat\u00a0\u00bb width=\u00a0\u00bb100%\u00a0\u00bb make_fullwidth=\u00a0\u00bboff\u00a0\u00bb use_custom_width=\u00a0\u00bboff\u00a0\u00bb width_unit=\u00a0\u00bbon\u00a0\u00bb disabled=\u00a0\u00bbon\u00a0\u00bb global_colors_info=\u00a0\u00bb{}\u00a0\u00bb][et_pb_column type=\u00a0\u00bb4_4&Prime; _builder_version=\u00a0\u00bb4.16&Prime; custom_padding=\u00a0\u00bb|||\u00a0\u00bb global_colors_info=\u00a0\u00bb{}\u00a0\u00bb custom_padding__hover=\u00a0\u00bb|||\u00a0\u00bb][et_pb_image src=\u00a0\u00bbhttps:\/\/sagardoarenlurraldea.eus\/wp-content\/uploads\/2023\/08\/Udazken-Zaporez-2023_Internet-1418&#215;490-1-scaled.jpg\u00a0\u00bb title_text=\u00a0\u00bbUdazken Zaporez 2023_Internet 1418&#215;490&Prime; url=\u00a0\u00bbhttps:\/\/sagardoarenlurraldea.eus\/fr\/product\/musee\/faites-votre-must-en-famille\/\u00a0\u00bb align=\u00a0\u00bbcenter\u00a0\u00bb force_fullwidth=\u00a0\u00bbon\u00a0\u00bb disabled_on=\u00a0\u00bbon|on|on\u00a0\u00bb _builder_version=\u00a0\u00bb4.16&Prime; _module_preset=\u00a0\u00bbdefault\u00a0\u00bb custom_padding=\u00a0\u00bb||40px||false|false\u00a0\u00bb disabled=\u00a0\u00bbon\u00a0\u00bb global_colors_info=\u00a0\u00bb{}\u00a0\u00bb][\/et_pb_image][et_pb_text admin_label=\u00a0\u00bbTexto\u00a0\u00bb _builder_version=\u00a0\u00bb4.27.4&Prime; _module_preset=\u00a0\u00bbdefault\u00a0\u00bb global_colors_info=\u00a0\u00bb{}\u00a0\u00bb]<\/p>\n<h2 style=\"text-align: center;\"><a href=\"https:\/\/sagardoarenlurraldea.eus\/fr\/experiences\/reserver-son-plan\/\">Activites <\/a><\/h2>\n<p>[\/et_pb_text][et_pb_divider divider_weight=\u00a0\u00bb4px\u00a0\u00bb _builder_version=\u00a0\u00bb4.27.4&Prime; _module_preset=\u00a0\u00bbdefault\u00a0\u00bb width=\u00a0\u00bb50%\u00a0\u00bb module_alignment=\u00a0\u00bbcenter\u00a0\u00bb custom_padding=\u00a0\u00bb||40px||false|false\u00a0\u00bb global_colors_info=\u00a0\u00bb{}\u00a0\u00bb][\/et_pb_divider][\/et_pb_column][\/et_pb_row][et_pb_row column_structure=\u00a0\u00bb1_2,1_2&Prime; padding_mobile=\u00a0\u00bboff\u00a0\u00bb column_padding_mobile=\u00a0\u00bbon\u00a0\u00bb admin_label=\u00a0\u00bbEsperientziak\u00a0\u00bb module_class=\u00a0\u00bbcontenedor\u00a0\u00bb _builder_version=\u00a0\u00bb4.16&Prime; background_size=\u00a0\u00bbinitial\u00a0\u00bb background_position=\u00a0\u00bbtop_left\u00a0\u00bb background_repeat=\u00a0\u00bbrepeat\u00a0\u00bb make_fullwidth=\u00a0\u00bboff\u00a0\u00bb use_custom_width=\u00a0\u00bboff\u00a0\u00bb width_unit=\u00a0\u00bbon\u00a0\u00bb global_colors_info=\u00a0\u00bb{}\u00a0\u00bb][et_pb_column type=\u00a0\u00bb1_2&Prime; _builder_version=\u00a0\u00bb4.16&Prime; custom_padding=\u00a0\u00bb|||\u00a0\u00bb global_colors_info=\u00a0\u00bb{}\u00a0\u00bb custom_padding__hover=\u00a0\u00bb|||\u00a0\u00bb][et_pb_image src=\u00a0\u00bbhttps:\/\/sagardoarenlurraldea.eus\/wp-content\/uploads\/2016\/10\/EXPMUSEOINDIVIDUAL-F30.jpg\u00a0\u00bb alt=\u00a0\u00bbMuseoko sarrerak\u00a0\u00bb title_text=\u00a0\u00bbMuseoko sarrerak\u00a0\u00bb url=\u00a0\u00bbhttps:\/\/sagardoarenlurraldea.eus\/fr\/le-musee-du-cidre\/reserver-les-visites\/\u00a0\u00bb use_overlay=\u00a0\u00bbon\u00a0\u00bb overlay_icon_color=\u00a0\u00bb#FFFFFF\u00a0\u00bb hover_overlay_color=\u00a0\u00bbrgba(154,179,35,0.66)\u00a0\u00bb hover_icon=\u00a0\u00bb&#x24;||divi||400&Prime; align=\u00a0\u00bbcenter\u00a0\u00bb force_fullwidth=\u00a0\u00bbon\u00a0\u00bb _builder_version=\u00a0\u00bb4.27.4&Prime; _module_preset=\u00a0\u00bbdefault\u00a0\u00bb global_colors_info=\u00a0\u00bb{}\u00a0\u00bb][\/et_pb_image][et_pb_button button_url=\u00a0\u00bbhttps:\/\/sagardoarenlurraldea.eus\/fr\/le-musee-du-cidre\/reserver-les-visites\/\u00a0\u00bb button_text=\u00a0\u00bbEntr\u00e9e au mus\u00e9e\u00a0\u00bb button_alignment=\u00a0\u00bbcenter\u00a0\u00bb _builder_version=\u00a0\u00bb4.16&Prime; _module_preset=\u00a0\u00bbdefault\u00a0\u00bb custom_button=\u00a0\u00bbon\u00a0\u00bb button_text_color=\u00a0\u00bb#FFFFFF\u00a0\u00bb button_bg_color=\u00a0\u00bb#9ab323&Prime; background_layout=\u00a0\u00bbdark\u00a0\u00bb global_colors_info=\u00a0\u00bb{}\u00a0\u00bb][\/et_pb_button][\/et_pb_column][et_pb_column type=\u00a0\u00bb1_2&Prime; _builder_version=\u00a0\u00bb4.16&Prime; custom_padding=\u00a0\u00bb|||\u00a0\u00bb global_colors_info=\u00a0\u00bb{}\u00a0\u00bb custom_padding__hover=\u00a0\u00bb|||\u00a0\u00bb][et_pb_image src=\u00a0\u00bbhttps:\/\/sagardoarenlurraldea.eus\/wp-content\/uploads\/2023\/03\/02-museoa-eta-sagardotegia-scaled.jpg\u00a0\u00bb alt=\u00a0\u00bbMuseoa eta sagardotegia\u00a0\u00bb title_text=\u00a0\u00bbMuseoa eta sagardotegia\u00a0\u00bb url=\u00a0\u00bbhttps:\/\/sagardoarenlurraldea.eus\/fr\/product\/experiences-fr-2\/musee-et-cidrerie\/musee-etcidrerie\/\u00a0\u00bb use_overlay=\u00a0\u00bbon\u00a0\u00bb overlay_icon_color=\u00a0\u00bb#FFFFFF\u00a0\u00bb hover_overlay_color=\u00a0\u00bbrgba(154,179,35,0.66)\u00a0\u00bb hover_icon=\u00a0\u00bb&#x24;||divi||400&Prime; align=\u00a0\u00bbcenter\u00a0\u00bb force_fullwidth=\u00a0\u00bbon\u00a0\u00bb _builder_version=\u00a0\u00bb4.16&Prime; _module_preset=\u00a0\u00bbdefault\u00a0\u00bb global_colors_info=\u00a0\u00bb{}\u00a0\u00bb][\/et_pb_image][et_pb_button button_url=\u00a0\u00bbhttps:\/\/sagardoarenlurraldea.eus\/fr\/categorie-produit\/experiences-fr-2\/musee-et-cidrerie\/\u00a0\u00bb button_text=\u00a0\u00bbMusee et cidrerie\u00a0\u00bb button_alignment=\u00a0\u00bbcenter\u00a0\u00bb _builder_version=\u00a0\u00bb4.16&Prime; _module_preset=\u00a0\u00bbdefault\u00a0\u00bb custom_button=\u00a0\u00bbon\u00a0\u00bb button_text_color=\u00a0\u00bb#FFFFFF\u00a0\u00bb button_bg_color=\u00a0\u00bb#9ab323&Prime; background_layout=\u00a0\u00bbdark\u00a0\u00bb global_colors_info=\u00a0\u00bb{}\u00a0\u00bb][\/et_pb_button][\/et_pb_column][\/et_pb_row][et_pb_row column_structure=\u00a0\u00bb1_3,1_3,1_3&Prime; column_padding_mobile=\u00a0\u00bbon\u00a0\u00bb admin_label=\u00a0\u00bbrow\u00a0\u00bb module_class=\u00a0\u00bbcontenedor\u00a0\u00bb _builder_version=\u00a0\u00bb4.16&Prime; background_size=\u00a0\u00bbinitial\u00a0\u00bb background_position=\u00a0\u00bbtop_left\u00a0\u00bb background_repeat=\u00a0\u00bbrepeat\u00a0\u00bb custom_padding=\u00a0\u00bb80px||||false|false\u00a0\u00bb make_fullwidth=\u00a0\u00bboff\u00a0\u00bb use_custom_width=\u00a0\u00bboff\u00a0\u00bb width_unit=\u00a0\u00bbon\u00a0\u00bb global_colors_info=\u00a0\u00bb{}\u00a0\u00bb][et_pb_column type=\u00a0\u00bb1_3&Prime; _builder_version=\u00a0\u00bb4.16&Prime; custom_padding=\u00a0\u00bb|||\u00a0\u00bb global_colors_info=\u00a0\u00bb{}\u00a0\u00bb custom_padding__hover=\u00a0\u00bb|||\u00a0\u00bb][et_pb_image src=\u00a0\u00bbhttps:\/\/sagardoarenlurraldea.eus\/wp-content\/uploads\/2023\/04\/EXPADARRAZPI-F00-1.jpg\u00a0\u00bb alt=\u00a0\u00bbSagardoa eta gazta\u00a0\u00bb title_text=\u00a0\u00bbEXPADARRAZPI-F00 (1)\u00a0\u00bb url=\u00a0\u00bbhttps:\/\/sagardoarenlurraldea.eus\/fr\/categorie-produit\/experiences-fr-2\/cidre-fromage\/\u00a0\u00bb use_overlay=\u00a0\u00bbon\u00a0\u00bb overlay_icon_color=\u00a0\u00bb#FFFFFF\u00a0\u00bb hover_overlay_color=\u00a0\u00bbrgba(154,179,35,0.66)\u00a0\u00bb hover_icon=\u00a0\u00bb&#x24;||divi||400&Prime; align=\u00a0\u00bbcenter\u00a0\u00bb force_fullwidth=\u00a0\u00bbon\u00a0\u00bb _builder_version=\u00a0\u00bb4.16&Prime; _module_preset=\u00a0\u00bbdefault\u00a0\u00bb global_colors_info=\u00a0\u00bb{}\u00a0\u00bb][\/et_pb_image][et_pb_divider show_divider=\u00a0\u00bboff\u00a0\u00bb _builder_version=\u00a0\u00bb4.16&Prime; _module_preset=\u00a0\u00bbdefault\u00a0\u00bb global_colors_info=\u00a0\u00bb{}\u00a0\u00bb][\/et_pb_divider][et_pb_button button_url=\u00a0\u00bbhttps:\/\/sagardoarenlurraldea.eus\/fr\/categorie-produit\/experiences-fr-2\/cidre-fromage\/\u00a0\u00bb button_text=\u00a0\u00bbLe cidre et le fromage\u00a0\u00bb button_alignment=\u00a0\u00bbcenter\u00a0\u00bb _builder_version=\u00a0\u00bb4.16&Prime; _module_preset=\u00a0\u00bbdefault\u00a0\u00bb custom_button=\u00a0\u00bbon\u00a0\u00bb button_text_color=\u00a0\u00bb#FFFFFF\u00a0\u00bb button_bg_color=\u00a0\u00bb#9ab323&Prime; background_layout=\u00a0\u00bbdark\u00a0\u00bb global_colors_info=\u00a0\u00bb{}\u00a0\u00bb][\/et_pb_button][\/et_pb_column][et_pb_column type=\u00a0\u00bb1_3&Prime; _builder_version=\u00a0\u00bb4.16&Prime; custom_padding=\u00a0\u00bb|||\u00a0\u00bb global_colors_info=\u00a0\u00bb{}\u00a0\u00bb custom_padding__hover=\u00a0\u00bb|||\u00a0\u00bb][et_pb_image src=\u00a0\u00bbhttps:\/\/sagardoarenlurraldea.eus\/wp-content\/uploads\/2023\/03\/PASEOBARCOMUSEOSIDRERIA-1-scaled.jpeg\u00a0\u00bb alt=\u00a0\u00bbSagardoa eta itxasoa\u00a0\u00bb title_text=\u00a0\u00bbSagardoa eta itxasoa\u00a0\u00bb url=\u00a0\u00bbhttps:\/\/sagardoarenlurraldea.eus\/fr\/categorie-produit\/experiences-fr-2\/cidre-mer\/\u00a0\u00bb use_overlay=\u00a0\u00bbon\u00a0\u00bb overlay_icon_color=\u00a0\u00bb#FFFFFF\u00a0\u00bb hover_overlay_color=\u00a0\u00bbrgba(154,179,35,0.66)\u00a0\u00bb hover_icon=\u00a0\u00bb&#x24;||divi||400&Prime; align=\u00a0\u00bbcenter\u00a0\u00bb force_fullwidth=\u00a0\u00bbon\u00a0\u00bb _builder_version=\u00a0\u00bb4.16&Prime; _module_preset=\u00a0\u00bbdefault\u00a0\u00bb global_colors_info=\u00a0\u00bb{}\u00a0\u00bb][\/et_pb_image][et_pb_divider show_divider=\u00a0\u00bboff\u00a0\u00bb _builder_version=\u00a0\u00bb4.16&Prime; _module_preset=\u00a0\u00bbdefault\u00a0\u00bb global_colors_info=\u00a0\u00bb{}\u00a0\u00bb][\/et_pb_divider][et_pb_button button_url=\u00a0\u00bbhttps:\/\/sagardoarenlurraldea.eus\/fr\/categorie-produit\/experiences-fr-2\/cidre-mer\/\u00a0\u00bb button_text=\u00a0\u00bbLe cidre et la mer\u00a0\u00bb button_alignment=\u00a0\u00bbcenter\u00a0\u00bb _builder_version=\u00a0\u00bb4.16&Prime; _module_preset=\u00a0\u00bbdefault\u00a0\u00bb custom_button=\u00a0\u00bbon\u00a0\u00bb button_text_color=\u00a0\u00bb#FFFFFF\u00a0\u00bb button_bg_color=\u00a0\u00bb#9ab323&Prime; background_layout=\u00a0\u00bbdark\u00a0\u00bb global_colors_info=\u00a0\u00bb{}\u00a0\u00bb][\/et_pb_button][\/et_pb_column][et_pb_column type=\u00a0\u00bb1_3&Prime; _builder_version=\u00a0\u00bb4.16&Prime; custom_padding=\u00a0\u00bb|||\u00a0\u00bb global_colors_info=\u00a0\u00bb{}\u00a0\u00bb custom_padding__hover=\u00a0\u00bb|||\u00a0\u00bb][et_pb_image src=\u00a0\u00bbhttps:\/\/sagardoarenlurraldea.eus\/wp-content\/uploads\/2018\/08\/sagarbike-20180724-00007.jpg\u00a0\u00bb alt=\u00a0\u00bbSagarbike\u00a0\u00bb title_text=\u00a0\u00bbSagarbike\u00a0\u00bb url=\u00a0\u00bbhttps:\/\/sagardoarenlurraldea.eus\/fr\/product\/experiences-fr-2\/cidercycling-fr\/sagarbike\/\u00a0\u00bb use_overlay=\u00a0\u00bbon\u00a0\u00bb overlay_icon_color=\u00a0\u00bb#FFFFFF\u00a0\u00bb hover_overlay_color=\u00a0\u00bbrgba(154,179,35,0.66)\u00a0\u00bb hover_icon=\u00a0\u00bb&#x24;||divi||400&Prime; align=\u00a0\u00bbcenter\u00a0\u00bb force_fullwidth=\u00a0\u00bbon\u00a0\u00bb _builder_version=\u00a0\u00bb4.16&Prime; _module_preset=\u00a0\u00bbdefault\u00a0\u00bb global_colors_info=\u00a0\u00bb{}\u00a0\u00bb][\/et_pb_image][et_pb_divider show_divider=\u00a0\u00bboff\u00a0\u00bb _builder_version=\u00a0\u00bb4.16&Prime; _module_preset=\u00a0\u00bbdefault\u00a0\u00bb global_colors_info=\u00a0\u00bb{}\u00a0\u00bb][\/et_pb_divider][et_pb_button button_url=\u00a0\u00bbhttps:\/\/sagardoarenlurraldea.eus\/fr\/product\/experiences-fr-2\/cidercycling-fr\/sagarbike\/\u00a0\u00bb button_text=\u00a0\u00bbSagarbike\u00a0\u00bb button_alignment=\u00a0\u00bbcenter\u00a0\u00bb _builder_version=\u00a0\u00bb4.16&Prime; _module_preset=\u00a0\u00bbdefault\u00a0\u00bb custom_button=\u00a0\u00bbon\u00a0\u00bb button_text_color=\u00a0\u00bb#FFFFFF\u00a0\u00bb button_bg_color=\u00a0\u00bb#9ab323&Prime; background_layout=\u00a0\u00bbdark\u00a0\u00bb global_colors_info=\u00a0\u00bb{}\u00a0\u00bb][\/et_pb_button][\/et_pb_column][\/et_pb_row][\/et_pb_section][et_pb_section fb_built=\u00a0\u00bb1&Prime; custom_padding_last_edited=\u00a0\u00bbon|desktop\u00a0\u00bb admin_label=\u00a0\u00bbsection\u00a0\u00bb module_class=\u00a0\u00bbestar_aldia\u00a0\u00bb _builder_version=\u00a0\u00bb4.16&Prime; background_color=\u00a0\u00bbrgba(255,255,255,0)\u00a0\u00bb custom_padding_tablet=\u00a0\u00bb50px|0|50px|0&Prime; custom_padding_phone=\u00a0\u00bb\u00a0\u00bb transparent_background=\u00a0\u00bbon\u00a0\u00bb padding_mobile=\u00a0\u00bboff\u00a0\u00bb make_fullwidth=\u00a0\u00bboff\u00a0\u00bb use_custom_width=\u00a0\u00bboff\u00a0\u00bb width_unit=\u00a0\u00bbon\u00a0\u00bb global_colors_info=\u00a0\u00bb{}\u00a0\u00bb][et_pb_row column_structure=\u00a0\u00bb1_2,1_2&Prime; padding_mobile=\u00a0\u00bboff\u00a0\u00bb column_padding_mobile=\u00a0\u00bbon\u00a0\u00bb admin_label=\u00a0\u00bbFila\u00a0\u00bb module_class=\u00a0\u00bbcontenedor boletin\u00a0\u00bb _builder_version=\u00a0\u00bb4.16&Prime; background_size=\u00a0\u00bbinitial\u00a0\u00bb background_position=\u00a0\u00bbtop_left\u00a0\u00bb background_repeat=\u00a0\u00bbrepeat\u00a0\u00bb make_fullwidth=\u00a0\u00bboff\u00a0\u00bb use_custom_width=\u00a0\u00bboff\u00a0\u00bb width_unit=\u00a0\u00bbon\u00a0\u00bb global_colors_info=\u00a0\u00bb{}\u00a0\u00bb][et_pb_column type=\u00a0\u00bb1_2&Prime; _builder_version=\u00a0\u00bb4.16&Prime; custom_padding=\u00a0\u00bb|||\u00a0\u00bb global_colors_info=\u00a0\u00bb{}\u00a0\u00bb custom_padding__hover=\u00a0\u00bb|||\u00a0\u00bb][et_pb_image src=\u00a0\u00bbhttps:\/\/sagardoarenlurraldea.eus\/wp-content\/uploads\/2016\/05\/sagarrak.jpg\u00a0\u00bb align_tablet=\u00a0\u00bbcenter\u00a0\u00bb align_phone=\u00a0\u00bb\u00a0\u00bb align_last_edited=\u00a0\u00bbon|desktop\u00a0\u00bb admin_label=\u00a0\u00bbIrudia\u00a0\u00bb _builder_version=\u00a0\u00bb4.16&Prime; animation_style=\u00a0\u00bbslide\u00a0\u00bb animation_direction=\u00a0\u00bbleft\u00a0\u00bb animation_duration=\u00a0\u00bb500ms\u00a0\u00bb animation_intensity_slide=\u00a0\u00bb10%\u00a0\u00bb use_border_color=\u00a0\u00bboff\u00a0\u00bb border_color=\u00a0\u00bb#ffffff\u00a0\u00bb border_style=\u00a0\u00bbsolid\u00a0\u00bb animation=\u00a0\u00bbleft\u00a0\u00bb sticky=\u00a0\u00bboff\u00a0\u00bb always_center_on_mobile=\u00a0\u00bbon\u00a0\u00bb global_colors_info=\u00a0\u00bb{}\u00a0\u00bb][\/et_pb_image][\/et_pb_column][et_pb_column type=\u00a0\u00bb1_2&Prime; _builder_version=\u00a0\u00bb4.16&Prime; custom_padding=\u00a0\u00bb|||\u00a0\u00bb global_colors_info=\u00a0\u00bb{}\u00a0\u00bb custom_padding__hover=\u00a0\u00bb|||\u00a0\u00bb][et_pb_text admin_label=\u00a0\u00bbTestua\u00a0\u00bb module_class=\u00a0\u00bbestar_aldia_txt\u00a0\u00bb _builder_version=\u00a0\u00bb4.16&Prime; background_size=\u00a0\u00bbinitial\u00a0\u00bb background_position=\u00a0\u00bbtop_left\u00a0\u00bb background_repeat=\u00a0\u00bbrepeat\u00a0\u00bb use_border_color=\u00a0\u00bboff\u00a0\u00bb border_color=\u00a0\u00bb#ffffff\u00a0\u00bb border_style=\u00a0\u00bbsolid\u00a0\u00bb global_colors_info=\u00a0\u00bb{}\u00a0\u00bb]<\/p>\n<h2>Se tenir au courant<\/h2>\n<h3>S\u2019inscrire \u00e0 notre bulletin<\/h3>\n<p>Exp\u00e9riences touristiques en Cidrerie, \u00e9v\u00e8nements en relation avec la culture du Cidre et les activit\u00e9s de la Sagardoetxea Mus\u00e9e du Cidre Basque. Consulter le dernier bulletin<\/p>\n<p>[\/et_pb_text][et_pb_button button_url=\u00a0\u00bbhttps:\/\/sagardoarenlurraldea.eus\/fr\/diffusion\/souscription-newsletter\/\u00a0\u00bb button_text=\u00a0\u00bbSouscrire\u00a0\u00bb button_alignment=\u00a0\u00bbleft\u00a0\u00bb admin_label=\u00a0\u00bbBotoia\u00a0\u00bb _builder_version=\u00a0\u00bb4.16&Prime; button_letter_spacing_hover=\u00a0\u00bb0&Prime; global_colors_info=\u00a0\u00bb{}\u00a0\u00bb button_text_size__hover_enabled=\u00a0\u00bboff\u00a0\u00bb button_one_text_size__hover_enabled=\u00a0\u00bboff\u00a0\u00bb button_two_text_size__hover_enabled=\u00a0\u00bboff\u00a0\u00bb button_text_color__hover_enabled=\u00a0\u00bboff\u00a0\u00bb button_one_text_color__hover_enabled=\u00a0\u00bboff\u00a0\u00bb button_two_text_color__hover_enabled=\u00a0\u00bboff\u00a0\u00bb button_border_width__hover_enabled=\u00a0\u00bboff\u00a0\u00bb button_one_border_width__hover_enabled=\u00a0\u00bboff\u00a0\u00bb button_two_border_width__hover_enabled=\u00a0\u00bboff\u00a0\u00bb button_border_color__hover_enabled=\u00a0\u00bboff\u00a0\u00bb button_one_border_color__hover_enabled=\u00a0\u00bboff\u00a0\u00bb button_two_border_color__hover_enabled=\u00a0\u00bboff\u00a0\u00bb button_border_radius__hover_enabled=\u00a0\u00bboff\u00a0\u00bb button_one_border_radius__hover_enabled=\u00a0\u00bboff\u00a0\u00bb button_two_border_radius__hover_enabled=\u00a0\u00bboff\u00a0\u00bb button_letter_spacing__hover_enabled=\u00a0\u00bbon\u00a0\u00bb button_letter_spacing__hover=\u00a0\u00bb0&Prime; button_one_letter_spacing__hover_enabled=\u00a0\u00bboff\u00a0\u00bb button_two_letter_spacing__hover_enabled=\u00a0\u00bboff\u00a0\u00bb button_bg_color__hover_enabled=\u00a0\u00bboff\u00a0\u00bb button_one_bg_color__hover_enabled=\u00a0\u00bboff\u00a0\u00bb button_two_bg_color__hover_enabled=\u00a0\u00bboff\u00a0\u00bb][\/et_pb_button][\/et_pb_column][\/et_pb_row][\/et_pb_section]<\/p>\n","protected":false},"excerpt":{"rendered":"<p>Semaine Saint 2026 \u00e0 Sagardoetxea Degustation de cidre et fromages du Pays Basque Sagardo ForumActivites Se tenir au courant S\u2019inscrire \u00e0 notre bulletin Exp\u00e9riences touristiques en Cidrerie, \u00e9v\u00e8nements en relation [&hellip;]<\/p>\n","protected":false},"author":7,"featured_media":0,"parent":0,"menu_order":14,"comment_status":"closed","ping_status":"closed","template":"","meta":{"_acf_changed":false,"_et_pb_use_builder":"on","_et_pb_old_content":"","_et_gb_content_width":"","footnotes":""},"class_list":["post-243793","page","type-page","status-publish","hentry"],"acf":[],"yoast_head":"<!-- This site is optimized with the Yoast SEO plugin v25.4 - https:\/\/yoast.com\/wordpress\/plugins\/seo\/ -->\n<title>Acheter des billets - Sagardoaren Lurraldea<\/title>\n<meta name=\"robots\" content=\"index, follow, max-snippet:-1, max-image-preview:large, max-video-preview:-1\" \/>\n<link rel=\"canonical\" href=\"https:\/\/sagardoarenlurraldea.eus\/fr\/acheter-des-billets\/\" \/>\n<meta property=\"og:locale\" content=\"fr_FR\" \/>\n<meta property=\"og:type\" content=\"article\" \/>\n<meta property=\"og:title\" content=\"Acheter des billets - Sagardoaren Lurraldea\" \/>\n<meta property=\"og:description\" content=\"Semaine Saint 2026 \u00e0 Sagardoetxea Degustation de cidre et fromages du Pays Basque Sagardo ForumActivites Se tenir au courant S\u2019inscrire \u00e0 notre bulletin Exp\u00e9riences touristiques en Cidrerie, \u00e9v\u00e8nements en relation [&hellip;]\" \/>\n<meta property=\"og:url\" content=\"https:\/\/sagardoarenlurraldea.eus\/fr\/acheter-des-billets\/\" \/>\n<meta property=\"og:site_name\" content=\"Sagardoaren Lurraldea\" \/>\n<meta property=\"article:publisher\" content=\"https:\/\/www.facebook.com\/sagardoarenlurraldea\" \/>\n<meta property=\"article:modified_time\" content=\"2026-04-22T08:52:25+00:00\" \/>\n<meta name=\"twitter:card\" content=\"summary_large_image\" \/>\n<meta name=\"twitter:label1\" content=\"Dur\u00e9e de lecture estim\u00e9e\" \/>\n\t<meta name=\"twitter:data1\" content=\"3 minutes\" \/>\n<script type=\"application\/ld+json\" class=\"yoast-schema-graph\">{\"@context\":\"https:\/\/schema.org\",\"@graph\":[{\"@type\":\"WebPage\",\"@id\":\"https:\/\/sagardoarenlurraldea.eus\/fr\/acheter-des-billets\/\",\"url\":\"https:\/\/sagardoarenlurraldea.eus\/fr\/acheter-des-billets\/\",\"name\":\"Acheter des billets - Sagardoaren Lurraldea\",\"isPartOf\":{\"@id\":\"https:\/\/sagardoarenlurraldea.eus\/fr\/#website\"},\"datePublished\":\"2023-04-03T08:13:47+00:00\",\"dateModified\":\"2026-04-22T08:52:25+00:00\",\"breadcrumb\":{\"@id\":\"https:\/\/sagardoarenlurraldea.eus\/fr\/acheter-des-billets\/#breadcrumb\"},\"inLanguage\":\"fr-FR\",\"potentialAction\":[{\"@type\":\"ReadAction\",\"target\":[\"https:\/\/sagardoarenlurraldea.eus\/fr\/acheter-des-billets\/\"]}]},{\"@type\":\"BreadcrumbList\",\"@id\":\"https:\/\/sagardoarenlurraldea.eus\/fr\/acheter-des-billets\/#breadcrumb\",\"itemListElement\":[{\"@type\":\"ListItem\",\"position\":1,\"name\":\"Inicio\",\"item\":\"https:\/\/sagardoarenlurraldea.eus\/fr\/\"},{\"@type\":\"ListItem\",\"position\":2,\"name\":\"Acheter des billets\"}]},{\"@type\":\"WebSite\",\"@id\":\"https:\/\/sagardoarenlurraldea.eus\/fr\/#website\",\"url\":\"https:\/\/sagardoarenlurraldea.eus\/fr\/\",\"name\":\"Sagardoaren Lurraldea\",\"description\":\"El territorio de la sidra\",\"potentialAction\":[{\"@type\":\"SearchAction\",\"target\":{\"@type\":\"EntryPoint\",\"urlTemplate\":\"https:\/\/sagardoarenlurraldea.eus\/fr\/?s={search_term_string}\"},\"query-input\":{\"@type\":\"PropertyValueSpecification\",\"valueRequired\":true,\"valueName\":\"search_term_string\"}}],\"inLanguage\":\"fr-FR\"}]}<\/script>\n<!-- \/ Yoast SEO plugin. -->","yoast_head_json":{"title":"Acheter des billets - Sagardoaren Lurraldea","robots":{"index":"index","follow":"follow","max-snippet":"max-snippet:-1","max-image-preview":"max-image-preview:large","max-video-preview":"max-video-preview:-1"},"canonical":"https:\/\/sagardoarenlurraldea.eus\/fr\/acheter-des-billets\/","og_locale":"fr_FR","og_type":"article","og_title":"Acheter des billets - Sagardoaren Lurraldea","og_description":"Semaine Saint 2026 \u00e0 Sagardoetxea Degustation de cidre et fromages du Pays Basque Sagardo ForumActivites Se tenir au courant S\u2019inscrire \u00e0 notre bulletin Exp\u00e9riences touristiques en Cidrerie, \u00e9v\u00e8nements en relation [&hellip;]","og_url":"https:\/\/sagardoarenlurraldea.eus\/fr\/acheter-des-billets\/","og_site_name":"Sagardoaren Lurraldea","article_publisher":"https:\/\/www.facebook.com\/sagardoarenlurraldea","article_modified_time":"2026-04-22T08:52:25+00:00","twitter_card":"summary_large_image","twitter_misc":{"Dur\u00e9e de lecture estim\u00e9e":"3 minutes"},"schema":{"@context":"https:\/\/schema.org","@graph":[{"@type":"WebPage","@id":"https:\/\/sagardoarenlurraldea.eus\/fr\/acheter-des-billets\/","url":"https:\/\/sagardoarenlurraldea.eus\/fr\/acheter-des-billets\/","name":"Acheter des billets - Sagardoaren Lurraldea","isPartOf":{"@id":"https:\/\/sagardoarenlurraldea.eus\/fr\/#website"},"datePublished":"2023-04-03T08:13:47+00:00","dateModified":"2026-04-22T08:52:25+00:00","breadcrumb":{"@id":"https:\/\/sagardoarenlurraldea.eus\/fr\/acheter-des-billets\/#breadcrumb"},"inLanguage":"fr-FR","potentialAction":[{"@type":"ReadAction","target":["https:\/\/sagardoarenlurraldea.eus\/fr\/acheter-des-billets\/"]}]},{"@type":"BreadcrumbList","@id":"https:\/\/sagardoarenlurraldea.eus\/fr\/acheter-des-billets\/#breadcrumb","itemListElement":[{"@type":"ListItem","position":1,"name":"Inicio","item":"https:\/\/sagardoarenlurraldea.eus\/fr\/"},{"@type":"ListItem","position":2,"name":"Acheter des billets"}]},{"@type":"WebSite","@id":"https:\/\/sagardoarenlurraldea.eus\/fr\/#website","url":"https:\/\/sagardoarenlurraldea.eus\/fr\/","name":"Sagardoaren Lurraldea","description":"El territorio de la sidra","potentialAction":[{"@type":"SearchAction","target":{"@type":"EntryPoint","urlTemplate":"https:\/\/sagardoarenlurraldea.eus\/fr\/?s={search_term_string}"},"query-input":{"@type":"PropertyValueSpecification","valueRequired":true,"valueName":"search_term_string"}}],"inLanguage":"fr-FR"}]}},"_links":{"self":[{"href":"https:\/\/sagardoarenlurraldea.eus\/fr\/wp-json\/wp\/v2\/pages\/243793","targetHints":{"allow":["GET"]}}],"collection":[{"href":"https:\/\/sagardoarenlurraldea.eus\/fr\/wp-json\/wp\/v2\/pages"}],"about":[{"href":"https:\/\/sagardoarenlurraldea.eus\/fr\/wp-json\/wp\/v2\/types\/page"}],"author":[{"embeddable":true,"href":"https:\/\/sagardoarenlurraldea.eus\/fr\/wp-json\/wp\/v2\/users\/7"}],"replies":[{"embeddable":true,"href":"https:\/\/sagardoarenlurraldea.eus\/fr\/wp-json\/wp\/v2\/comments?post=243793"}],"version-history":[{"count":2,"href":"https:\/\/sagardoarenlurraldea.eus\/fr\/wp-json\/wp\/v2\/pages\/243793\/revisions"}],"predecessor-version":[{"id":307711,"href":"https:\/\/sagardoarenlurraldea.eus\/fr\/wp-json\/wp\/v2\/pages\/243793\/revisions\/307711"}],"wp:attachment":[{"href":"https:\/\/sagardoarenlurraldea.eus\/fr\/wp-json\/wp\/v2\/media?parent=243793"}],"curies":[{"name":"wp","href":"https:\/\/api.w.org\/{rel}","templated":true}]}}